{"id":123,"date":"2014-10-30T20:59:01","date_gmt":"2014-10-30T19:59:01","guid":{"rendered":"https:\/\/etival-ronchaux.fr\/?page_id=123"},"modified":"2016-10-21T08:37:39","modified_gmt":"2016-10-21T07:37:39","slug":"les-seigneurs-abbes","status":"publish","type":"page","link":"https:\/\/etival-ronchaux.fr\/?page_id=123","title":{"rendered":"Les Seigneurs d&rsquo;Etival-Ronchaux"},"content":{"rendered":"<h5><a title=\"Famille de Ronchaux\" href=\"https:\/\/etival-ronchaux.fr\/?page_id=125\">Les de Ronchaux<\/a>, <a title=\"Famille de Gousserre\" href=\"https:\/\/etival-ronchaux.fr\/?page_id=127\">Les de Gousserre<\/a>, <a title=\"Famille de l\u2019 Aubespin\" href=\"https:\/\/etival-ronchaux.fr\/?page_id=129\">les de l&rsquo;Aubespin<\/a>,<a title=\"Famille de Trelan\" href=\"https:\/\/etival-ronchaux.fr\/?page_id=131\"> les de Trelan<\/a>, <a title=\"Famille Nicod de Ronchaux\" href=\"https:\/\/etival-ronchaux.fr\/?page_id=133\">les Nicod de Ronchaux<\/a><\/h5>\n<p><span style=\"color: #ff0000;\">1912-03<\/span><\/p>\n<p>Nous avons vu \u00e0 \u201cl\u2019article Ch\u00e2tel de Joux\u201d l\u2019association intervenue en 1234 entre l\u2019abb\u00e9 de Saint-Claude Hugues 1er et Ponce de Cuisel seigneur de Clairvaux. Par cet acte, il fut convenu que ce dernier aurait le ch\u00e2teau de Joux \u00e0 charge d\u2019hommage envers l\u2019Abb\u00e9, et que les villages d\u2019Estival et Ronchaux leur appartiendraient indivis\u00e9ment par moiti\u00e9. Le seigneur de Clairvaux devenait ainsi le seigneur d\u2019Estival et Ronchaux mais non pas au m\u00eame degr\u00e9 que de Ch\u00e2tel de Joux.<br \/>\nA Ch\u00e2tel de Joux ,il avait la Haute, Moyenne et Basse justice ; \u00e0 Estival et Ronchaux la Moyenne et Basse Justice seulement ;le seigneur-abb\u00e9 se r\u00e9servant la Haute justice.<\/p>\n<p>Estival et Ronchaux demeuraient ainsi sous la directe de l\u2019abb\u00e9 de Saint-Claude, qui en tant que Haut justicier avait son signe patibulaire.<br \/>\nIl s\u2019\u00e9levait proche de Ronchaux au lieu dit \u201caux fourches\u201d <strong>\u201cchamp fourchis\u201d <\/strong>petit monticule qui dominait \u201cla vye du Moustier\u201d. La croix des Ronchaux est peut-\u00eatre \u00e0 l\u2019emplacement m\u00eame du signe patibulaire.(Le signe du pardon et de la mis\u00e9ricorde a remplac\u00e9 l\u2019instrument de la justice humaine)<br \/>\nQue le seigneur abb\u00e9 se soit r\u00e9serv\u00e9 la Haute Justice \u00e0 Etival et Ronchaux, nous en voyons la preuve \u00e9tablie :<\/p>\n<p>1) dans le proc\u00e8s que les communaut\u00e9s d\u2019Estival et Ronchaux soutinrent contre le Prince Louis de Bauffremont, au sujet du droit de guet et de garde se montant \u00e0 \u00a0\u00bb <em>6 rez d\u2019avoine et un demye poule par chaque feu\u00bb. <\/em>C\u2019est un droit de souverain et de Haut-justicier, disent les habitants ,ainsi que le marque l\u2019ordonnance du r\u00e8glement militaire de Jean, duc de Bourgogne , en 408, et celui de Philippe II, Roy d\u2019Espagne de 1586.<br \/>\nOr jamais le seigneur de Ch\u00e2tel de Joux n\u2019eut droit de Haute justice \u00e0 Estival et Ronchaux. Aussi les communaut\u00e9s furent-elles exempt\u00e9es du droit de guet et de garde.<\/p>\n<p>Un autre fait qui prouve en second lieu que le seigneur de Ch\u00e2tel de Joux n\u2019\u00e9tait pas Haut-justicier dans les terres d\u2019Estival et Ronchaux, c\u2019est celui relat\u00e9 pr\u00e9c\u00e9demment, (article Ch\u00e2tel de Joux de mai 1911)<\/p>\n<p>Nous avons vu Louis de Bauffremont en 1763 , exiger des villages d\u00e9pendants des Baronnies et Seigneuries de Saint-Sorlin, Clairvaux, Ch\u00e2tel de Joux , les redevances pour droits accoutum\u00e9s \u00ab\u00a0<em>d\u2019indire et lever aide es-quatre cas<\/em>\u00a0\u00bb au sujet du mariage de sa fille unique Louise, B\u00e9nigne, Fran\u00e7oise, Octavie, Marie, Jacqueline, Laurence princesse de Bauffremont, avec Joseph de Bauffremont prince de Listenois, c\u00e9l\u00e9br\u00e9 en la chapelle du ch\u00e2teau de Scey-sur-Sa\u00f4ne, le 24 novembre 1762.<br \/>\nOr ce droit est un droit de Haut-Justicier et nous voyons qu\u2019il est exig\u00e9 des habitants de Ch\u00e2tel de Joux mais non point ceux d\u2019Estival et Ronchaux. Donc il n\u2019\u00e9tait pas Haut-Justicier de ces communaut\u00e9s. C\u2019est pourquoi nous concluons que l\u2019abb\u00e9 de Saint-Claude \u00e9tait le v\u00e9ritable seigneur d\u2019Estival et Ronchaux d\u2019ailleurs compl\u00e8tement situ\u00e9s sur les terres de l\u2019abbaye, et nous allons donner la liste des seigneurs abb\u00e9s tout au moins d\u00e8s la charte de 1234. L\u2019ouvrage de D.Benoit \u201cHistoire de l\u2019Abbaye et de la terre de St-Claude sera la source o\u00f9 nous irons puiser encore.<\/p>\n<p><strong>Seigneurs Abb\u00e9s<\/strong><\/p>\n<p><strong>Hugues 1er de Nancuise<\/strong>, que l\u2019on rencontre le 2 novembre 1230 mort le 19 des calendes de septembre (14 ao\u00fbt 1234).<\/p>\n<p><strong>Humbert de Buenc<\/strong> de 1234 au jour de sa mort le 2 des calendes de janvier (31 d\u00e9cembre)1262<\/p>\n<p><strong>Guy 1er<\/strong> 1236<\/p>\n<p><strong>Guy II<\/strong> de 1262 \u00e0 1282, c\u2019est sous sa gouverne que fut en 1265 renouvel\u00e9 le trait\u00e9 d\u2019association de 1234. C\u2019est lui qui fit aussi \u00e9lever le ch\u00e2teau de la Tour du May.<\/p>\n<p><strong>Guillaume II<\/strong> 1283-1284<\/p>\n<p><strong>Guy III<\/strong> que l\u2019on trouve le 5 des ides de Juillet 1248<\/p>\n<p><strong>Humbert IV<\/strong> 1285<\/p>\n<p><strong>Guillaume III de la Baume<\/strong>, de 1293 \u00e0 1298 mort le 15 des calendes de mai (17 avril).<\/p>\n<p><strong>Etienne 1er de Villars<\/strong> il prit possession de l\u2019abbaye d\u00e8s 1295 , par la renonciation forc\u00e9e de Guillaume de la Baume. Il mourut en 1303.<\/p>\n<p><strong>Guiffred<\/strong> 1303-1304<\/p>\n<p><strong>Odon II de Vaudrey<\/strong> de l\u2019illustre famille de ce nom 1305-1320<\/p>\n<p><strong>Fran\u00e7ois 1er<\/strong> en 1320<\/p>\n<p><strong>Jean 1er<\/strong> en 1321<\/p>\n<p><strong>Huges II<\/strong> du 10 aout 1321 au 5 mai 1325<\/p>\n<p><strong>Jean II de Roussillon<\/strong> que nous rencontrons le 22 mars 1328 et qui meurt le 18 aout 1348.<\/p>\n<p><strong>Guillaume IV de Beauregard<\/strong> ,\u00e9lu le 12 septembre 1348 jusqu\u2019en 1380.<\/p>\n<p><strong>Guy IV<\/strong> 1380<\/p>\n<p><strong>Guillaume V de la Baume<\/strong> 1383-1405 qui pr\u00eata serment devant les Eschevins de Saint-Claude, en 1386, d\u2019o\u00f9 nous concluons l\u2019affranchissement.<\/p>\n<p><strong>Fran\u00e7ois II<\/strong> 1412-1424.<\/p>\n<p><strong>Etienne III<\/strong> 1425<\/p>\n<p><strong>Fran\u00e7ois III<\/strong> 1426<\/p>\n<p><strong>Jean III de Vincelles<\/strong> 1429-1436<\/p>\n<p><strong>Guy d\u2019Usier<\/strong> 1439-1442<\/p>\n<p><strong>Pierre Morel 1er<\/strong> 1443 ,\u00e9tait mort le 28 avril 1445. Rappelons que c\u2019est ce seigneur-abb\u00e9 qui accorda aux communaut\u00e9s d\u2019Estival et Ronchaux leur lettre de franchise en l\u2019ann\u00e9e 1443<\/p>\n<p><strong>Etienne Fauquier<\/strong> 1445-1472<\/p>\n<p><strong>Jean Louis de Savoie<\/strong> 1472-1479<\/p>\n<p><strong>Pierre-Morel II<\/strong> 1480-1510<\/p>\n<p><strong>Pierre III de la Baume<\/strong> 1510-1543<\/p>\n<p><strong>Louis 1er de Rye<\/strong> est abb\u00e9 d\u00e8s le 6 septembre 1544, ,jusqu\u2019au 25 ao\u00fbt 1550 date de sa mort.<\/p>\n<p><strong>Philibert de Rye<\/strong> de 1550 au 17 juin 1556 o\u00f9 il mourut.<br \/>\n<strong>Marc de Rye<\/strong> 1560 donne sa d\u00e9mission en 1577, plusieurs ann\u00e9es avant sa mort.<br \/>\n<strong>Joachim de Rye<\/strong> est abb\u00e9 de 1577 \u00e0 1588.<\/p>\n<p><strong>Ferdinand de Rye<\/strong>, de 1589 \u00e0 1636 ann\u00e9e de sa mort \u00e0 la suite du si\u00e8ge de Dole.<br \/>\nA cette date l\u2019Abbaye fut vacante<\/p>\n<p><strong>Don Juan d\u2019Autriche<\/strong> ou <strong>Jean IV d\u2019Autriche<\/strong> qui re\u00e7ut ses bulles en 1645 et pris possession le 26 mars 1647. Il demeure \u00e0 la t\u00eate de l\u2019Abbaye pendant 32 ans jusqu\u2019en 1679, C\u2019est sous lui que se fit la reconnaissance et terriers de 1667. Sous Don Juan d\u2019Autriche la baronnie ou le b\u00e2ty de Moirans est sous la directe de l\u2019abb\u00e9. Celui-ci poss\u00e8de la Haute, Moyenne et Basse justice.<\/p>\n<p><strong>Cardinal d\u2019Estr\u00e9es<\/strong> d\u00e8s le 15 janvier 1681 Il mourut le 18 d\u00e9cembre 1714<\/p>\n<p><strong>Jean d\u2019Estr\u00e9es<\/strong> neveu du pr\u00e9c\u00e9dent, 1714 au 3 mars 1718 o\u00f9 il mourut<strong>.<br \/>\n<\/strong><\/p>\n<p><strong>Louis de Bourbon, comte de Clermont<\/strong>, il fut abb\u00e9 de mars 1718 au 11 ao\u00fbt 1737, moment ou il donna sa d\u00e9mission .<\/p>\n<p><span style=\"color: #ff0000;\">1912-04<\/span><\/p>\n<p>Note des r\u00e9dacteurs<\/p>\n<p>Voici en r\u00e9sum\u00e9 la suite des seigneurs d&rsquo;Etival et Ronchaux.<br \/>\nAu milieu du XVIII <sup>\u00e8me<\/sup> si\u00e8cle, Rome consid\u00e9rant que Saint-Claude \u00e9tait \u00e9loign\u00e9 de son \u00e9piscopat de Besan\u00e7on et \u00e9tait bien proche de Gen\u00e8ve terre protestante calviniste, entrepris les d\u00e9marches de cr\u00e9ation de l&rsquo;\u00e9piscopat de Saint-Claude.<br \/>\nLe Saint-Si\u00e8ge pr\u00e9sente \u00e0 Louis XV le futur \u00e9v\u00eaque, le 22-01-1742<br \/>\n<strong>Joseph M\u00e9allet de Fargues<\/strong> n\u00e9 dans le dioc\u00e8se de Saint-Four, a32 ans.<br \/>\nIl prend ses fonctions le 6-05-1742.<br \/>\nLe Pape Benoit XIV publie la bulle qui \u00e9rige le si\u00e8ge \u00e9piscopal de Saint-Claude le 6-06-1742.<br \/>\nSous son \u00e9piscopat, la chapelle d&rsquo; Etival fond\u00e9e en 1444 fut s\u00e9par\u00e9e de Soucia et \u00e9rig\u00e9e en \u00e9glise paroissiale.<br \/>\nIl meurt le 17-03-1785<\/p>\n<p><strong>Jean-Baptiste de Chabot<\/strong>, n\u00e9 dans le Poitou, est nomm\u00e9 le 27-04-1785, mais il ne prend ses fonctions que le 6-09-1785.<\/p>\n<p><span style=\"text-decoration: underline;\">En juillet 1790 la principaut\u00e9 de Saint-Claude est fondue dans la souverainet\u00e9 de la Nation.<\/span><br \/>\nL&rsquo; \u00e9v\u00eaque n&rsquo;est plus que le chef spirituel du dioc\u00e8se.<br \/>\nMgr de Chabot envoi sa d\u00e9mission au Pape Pie VII et se r\u00e9fugie en Suisse.<\/p>\n<p>Retour \u00e0 <a title=\"Etival-Ronchaux\" href=\"https:\/\/etival-ronchaux.fr\/?page_id=104\">\u00ab\u00a0Etival-Ronchaux\u00a0\u00bb<\/a>.<\/p>\n<p>&nbsp;<\/p>\n","protected":false},"excerpt":{"rendered":"<p>Les de Ronchaux, Les de Gousserre, les de l&rsquo;Aubespin, les de Trelan, les Nicod de Ronchaux 1912-03 Nous avons vu \u00e0 \u201cl\u2019article Ch\u00e2tel de Joux\u201d l\u2019association intervenue en 1234 entre l\u2019abb\u00e9 de Saint-Claude Hugues 1er et Ponce de Cuisel seigneur &hellip; <a href=\"https:\/\/etival-ronchaux.fr\/?page_id=123\">Continuer la lecture <span class=\"meta-nav\">&rarr;<\/span><\/a><\/p>\n","protected":false},"author":1,"featured_media":0,"parent":104,"menu_order":3,"comment_status":"closed","ping_status":"closed","template":"","meta":{"footnotes":""},"class_list":["post-123","page","type-page","status-publish","hentry"],"_links":{"self":[{"href":"https:\/\/etival-ronchaux.fr\/index.php?rest_route=\/wp\/v2\/pages\/123","targetHints":{"allow":["GET"]}}],"collection":[{"href":"https:\/\/etival-ronchaux.fr\/index.php?rest_route=\/wp\/v2\/pages"}],"about":[{"href":"https:\/\/etival-ronchaux.fr\/index.php?rest_route=\/wp\/v2\/types\/page"}],"author":[{"embeddable":true,"href":"https:\/\/etival-ronchaux.fr\/index.php?rest_route=\/wp\/v2\/users\/1"}],"replies":[{"embeddable":true,"href":"https:\/\/etival-ronchaux.fr\/index.php?rest_route=%2Fwp%2Fv2%2Fcomments&post=123"}],"version-history":[{"count":13,"href":"https:\/\/etival-ronchaux.fr\/index.php?rest_route=\/wp\/v2\/pages\/123\/revisions"}],"predecessor-version":[{"id":796,"href":"https:\/\/etival-ronchaux.fr\/index.php?rest_route=\/wp\/v2\/pages\/123\/revisions\/796"}],"up":[{"embeddable":true,"href":"https:\/\/etival-ronchaux.fr\/index.php?rest_route=\/wp\/v2\/pages\/104"}],"wp:attachment":[{"href":"https:\/\/etival-ronchaux.fr\/index.php?rest_route=%2Fwp%2Fv2%2Fmedia&parent=123"}],"curies":[{"name":"wp","href":"https:\/\/api.w.org\/{rel}","templated":true}]}}